{"id":514,"date":"2025-05-28T14:51:03","date_gmt":"2025-05-28T12:51:03","guid":{"rendered":"https:\/\/studioarcs.fr\/?page_id=514"},"modified":"2026-03-05T11:06:39","modified_gmt":"2026-03-05T10:06:39","slug":"fin-de-sejour-1600","status":"publish","type":"page","link":"https:\/\/studioarcs.fr\/index.php\/fin-de-sejour-1600\/","title":{"rendered":"Fin de s\u00e9jour 1600"},"content":{"rendered":"\n<p class=\"has-text-align-center has-x-large-font-size\"><strong>FIN DE SEJOUR \/ MENAGE<\/strong><\/p>\n\n\n\n\n\n<figure class=\"wp-block-image alignright size-thumbnail\"><a href=\"https:\/\/studioarcs.fr\/index.php\/end-of-stay-cleaning\/\"><img loading=\"lazy\" decoding=\"async\" width=\"150\" height=\"150\" src=\"https:\/\/studioarcs.fr\/wp-content\/uploads\/2025\/05\/flag-150x150.png\" alt=\"\" class=\"wp-image-427\"\/><\/a><\/figure>\n\n\n\n<ul class=\"wp-block-list\">\n<li><a href=\"#heure\" data-type=\"internal\" data-id=\"#heure\">Heure de d\u00e9part \/ Partage des cl\u00e9s<\/a><\/li>\n\n\n\n<li><a href=\"#menage\">M\u00e9nage \/ Caution<\/a><\/li>\n\n\n\n<li><a href=\"#listemenage\">Liste des attendus pour le m\u00e9nage<\/a><\/li>\n\n\n\n<li><a href=\"#whatsapp\">Visio Whatsapp pour l&rsquo;\u00e9tat des lieux<\/a><\/li>\n\n\n\n<li><a href=\"#poubelles\">Les poubelles<\/a><\/li>\n\n\n\n<li><a href=\"#depart\">En partant &#8211; Quitter le studio<\/a><\/li>\n<\/ul>\n\n\n\n\n\n\n\n<h2 class=\"wp-block-heading\">Toutes les bonnes choses ont une fin<\/h2>\n\n\n\n<p>Vous n\u2019avez pas vu le temps passer et la fin de votre s\u00e9jour approche\u2026<\/p>\n\n\n\n<p id=\"heure\"><strong>Le studio doit \u00eatre pr\u00eat \u00e0 \u00eatre c\u00e9d\u00e9 aux suivants pour 13h00<\/strong>. Je vous rappelle que vous pouvez partager les cl\u00e9s avec les arrivants (voir la page <a href=\"https:\/\/studioarcs.fr\/index.php\/checkin-1600\/\" data-type=\"page\" data-id=\"505\">Check-in<\/a> o\u00f9 j&rsquo;explique les modalit\u00e9s).<\/p>\n\n\n\n<p><strong>Il faudra laisser le studio propre et rang\u00e9.<\/strong> On fera une visio WhatsApp pour voir l&rsquo;\u00e9tat g\u00e9n\u00e9ral du studio.<\/p>\n\n\n\n<hr class=\"wp-block-separator has-alpha-channel-opacity\"\/>\n\n\n\n\n\n<div class=\"wp-block-group has-global-padding is-layout-constrained wp-block-group-is-layout-constrained\">\n<div class=\"wp-block-group is-style-section-1 has-global-padding is-layout-constrained wp-block-group-is-layout-constrained is-style-section-1--1\">\n<p class=\"has-text-align-center is-style-text-annotation has-large-font-size is-style-text-annotation--2\" id=\"menage\"><strong>M\u00e9nage de fin de s\u00e9jour :<\/strong><\/p>\n\n\n\n<p><strong>Je vous demande d\u2019\u00eatre tr\u00e8s vigilant sur ce point<\/strong>.<\/p>\n\n\n\n<p>Les attentes en terme de m\u00e9nage sont tr\u00e8s diff\u00e9rentes d\u2019une personne \u00e0 l\u2019autre, et rappelez vous que c\u2019est vous, \u00e0 votre arriv\u00e9e, qui avez jug\u00e9 de l\u2019\u00e9tat de propret\u00e9 des lieux laiss\u00e9s par les pr\u00e9c\u00e9dents. Les suivants le feront \u00e9galement et seront peut-\u00eatre plus exigeants que vous ne l\u2019\u00e9tiez.<\/p>\n\n\n\n<p><strong>La caution m\u00e9nage :<\/strong>&nbsp;Les tarifs appliqu\u00e9s par les prestataires en station pour le m\u00e9nage sont&nbsp;<strong>de 70\u20ac \u00e0 300\u20ac selon l\u2019\u00e9tat g\u00e9n\u00e9ral du studio et l\u2019urgence.<\/strong>&nbsp;Je pourrais \u00eatre amen\u00e9 \u00e0 retenir la caution s\u2019il y a un manquement flagrant pour faire faire le n\u00e9cessaire.<\/p>\n\n\n\n<p>Mais rassurez vous, je connais l\u2019\u00e9tat g\u00e9n\u00e9ral du studio et je saurai distinguer le manque de propret\u00e9 d\u2019un locataire d\u2019un probl\u00e8me li\u00e9 \u00e0 l\u2019entretien du studio lui m\u00eame.<\/p>\n<\/div>\n<\/div>\n\n\n\n<div class=\"wp-block-group is-style-section-2 has-global-padding is-layout-constrained wp-block-group-is-layout-constrained is-style-section-2--3\">\n<div class=\"wp-block-group has-global-padding is-layout-constrained wp-block-group-is-layout-constrained\">\n<div class=\"wp-block-group is-style-section-2 has-global-padding is-layout-constrained wp-block-group-is-layout-constrained is-style-section-2--4\">\n<div class=\"wp-block-group is-style-section-2 has-global-padding is-layout-constrained wp-block-group-is-layout-constrained is-style-section-2--5\">\n<div class=\"wp-block-group is-vertical is-layout-flex wp-container-core-group-is-layout-fe9cc265 wp-block-group-is-layout-flex\">\n<p class=\"has-text-align-center is-style-text-annotation has-base-background-color has-background has-large-font-size is-style-text-annotation--6\" id=\"listemenage\"><strong>Pour donner un cadre sur le m\u00e9nage, je vous remercie de :<\/strong><\/p>\n\n\n\n<ul class=\"wp-block-list\">\n<li><strong>Dans la salle de bain :<\/strong>&nbsp;vider la petite poubelle, nettoyer la cuvette des WC, nettoyer la douche et le lavabo et le plan de travail, nettoyer le sol.<\/li>\n\n\n\n<li><strong>Dans le coin cuisine :<\/strong>&nbsp;Plan de travail propre, vaisselle faite et rang\u00e9e, \u00e9tag\u00e8res propres, four et micro-onde propres, frigo vid\u00e9 et nettoy\u00e9, nettoyer correctement l\u2019appareil \u00e0 raclette et appareil \u00e0 fondue si vous les avez utilis\u00e9s.<\/li>\n\n\n\n<li><strong>Dans le salon :<\/strong>&nbsp;Ranger le comme \u00e0 votre arriv\u00e9e. Bien nettoyer et plier la table. <\/li>\n\n\n\n<li><strong>Les lits :<\/strong> Enlever les \u00e9ventuelles miettes sur les lits. Idem pour les cheveux et les poils. Remettre les couvre-lits comme sur la photo ci-dessous et placer les couettes pli\u00e9es et les oreillers dans l&rsquo;armoire.<\/li>\n\n\n\n<li><strong>Sol :<\/strong>&nbsp;Aspirer toute la surface et passer la serpill\u00e8re dans la pi\u00e8ce principale et dans la salle de bain.<\/li>\n<\/ul>\n<\/div>\n<\/div>\n<\/div>\n<\/div>\n<\/div>\n\n\n\n\n\n\n\n<p>Une visio Whatsapp permettra de faire un rapide \u00e9tat des lieux.<\/p>\n\n\n\n\n\n<hr class=\"wp-block-separator has-alpha-channel-opacity\"\/>\n\n\n\n<p id=\"poubelles\"><strong>Vos poubelles<\/strong><\/p>\n\n\n\n<figure class=\"wp-block-image\"><img loading=\"lazy\" decoding=\"async\" width=\"250\" height=\"244\" src=\"https:\/\/studioarcs.fr\/wp-content\/uploads\/2025\/05\/Capture-decran-2025-05-16-101303.png\" alt=\"\" class=\"wp-image-415\"\/><\/figure>\n\n\n\n<p><strong>Les poubelles <\/strong>peuvent \u00eatre d\u00e9pos\u00e9es dans le local \u00e0 poubelles qui est la porte noire situ\u00e9e \u00e0 gauche imm\u00e9diatement apr\u00e8s la  sortie de l&rsquo;all\u00e9e.<\/p>\n\n\n\n<p><strong>Les bouteilles en verre doivent \u00eatre amen\u00e9es dans les containers<\/strong>&nbsp;que vous trouverez au niveau du parking en contrebas de la r\u00e9sidence. Si vous avez beaucoup de poubelles, vous pouvez \u00e9galement les d\u00e9poser dans les containers pr\u00e9vus \u00e0 cet effet.<\/p>\n\n\n\n<hr class=\"wp-block-separator has-alpha-channel-opacity\"\/>\n\n\n\n<div class=\"wp-block-group is-style-section-1 has-global-padding is-layout-constrained wp-block-group-is-layout-constrained is-style-section-1--7\">\n<div class=\"wp-block-group has-global-padding is-layout-constrained wp-block-group-is-layout-constrained\">\n<h2 class=\"wp-block-heading\" id=\"depart\">En partant<\/h2>\n\n\n\n<ul class=\"wp-block-list\">\n<li><strong>Merci de plier les chaises et la table<\/strong>.<\/li>\n\n\n\n<li>Couper le courant si je vous l\u2019ai demand\u00e9.<\/li>\n\n\n\n<li>Signalez moi s\u2019il y a eu des d\u00e9g\u00e2ts ou de la casse, pour que je fasse le n\u00e9cessaire pour remplacer. Ne vous affolez pas, \u00e7a arrive \u00e0 tout le monde de casser une assiette ou un verre\u2026<\/li>\n\n\n\n<li>Avant de partir,&nbsp;<strong>faites un tour pour v\u00e9rifier que vous n\u2019ayez rien oubli\u00e9<\/strong>.&nbsp;<strong><em>N\u2019\u00e9tant pas sur place, vos objets oubli\u00e9s seront probablement r\u00e9cup\u00e9r\u00e9s par les suivants (ou les suivants des suivants), et je ne vous garantis absolument pas de pouvoir vous les restituer.<\/em><\/strong><\/li>\n\n\n\n<li id=\"whatsapp\"><strong>Contactez moi sur WhatsApp<\/strong> pour qu\u2019on fasse un rapide \u00e9tat des lieux.<\/li>\n<\/ul>\n<\/div>\n\n\n\n<figure class=\"wp-block-image\"><img loading=\"lazy\" decoding=\"async\" width=\"1200\" height=\"600\" src=\"https:\/\/studioarcs.fr\/wp-content\/uploads\/2025\/05\/y8-PTBaP90a.png\" alt=\"\" class=\"wp-image-254\" srcset=\"https:\/\/studioarcs.fr\/wp-content\/uploads\/2025\/05\/y8-PTBaP90a.png 1200w, https:\/\/studioarcs.fr\/wp-content\/uploads\/2025\/05\/y8-PTBaP90a-300x150.png 300w, https:\/\/studioarcs.fr\/wp-content\/uploads\/2025\/05\/y8-PTBaP90a-1024x512.png 1024w, https:\/\/studioarcs.fr\/wp-content\/uploads\/2025\/05\/y8-PTBaP90a-768x384.png 768w\" sizes=\"(max-width: 1200px) 100vw, 1200px\" \/><\/figure>\n\n\n\n<p>Mon t\u00e9l\u00e9phone : (+33) 6 98 26 25 66<\/p>\n\n\n\n<p><button onclick=\"startWhatsAppVideoCall('33698262566')\">\n    \ud83d\udcf9 Appel vid\u00e9o WhatsApp\n<\/button>\n\n<script>\nfunction startWhatsAppVideoCall(phoneNumber) {\n    const message = encodeURIComponent(\"Bonjour ! Pouvons-nous faire un appel vid\u00e9o ?\");\n    const url = `https:\/\/wa.me\/${phoneNumber}?text=${message}`;\n    window.open(url, '_blank');\n}\n<\/script><\/p>\n\n\n\n<hr class=\"wp-block-separator has-alpha-channel-opacity\"\/>\n\n\n\n<p><strong>Fermez et rapportez les cl\u00e9s dans le bo\u00eetier, et n&rsquo;oubliez pas de m\u00e9langer le code du bo\u00eetier.<\/strong><\/p>\n<\/div>\n\n\n\n<hr class=\"wp-block-separator has-alpha-channel-opacity\"\/>\n\n\n\n<hr class=\"wp-block-separator has-alpha-channel-opacity\"\/>\n\n\n\n<p>Rappelez vous \u00e9galement que vous pouvez laisser vos bagages, mais que les cl\u00e9s doivent \u00eatre partag\u00e9es avec les locataires arrivants. Merci de les laisser dans le bo\u00eetier \u00e0 cl\u00e9 si vous comptez partir skier.<\/p>\n\n\n\n\n\n<div class=\"wp-block-group is-style-section-5 has-global-padding is-layout-constrained wp-block-group-is-layout-constrained is-style-section-5--8\">\n<p class=\"has-text-align-center\"><a href=\"https:\/\/studioarcs.fr\/index.php\/livret-daccueil-arc-1600\/\">Livret d\u2019accueil<\/a><\/p>\n\n\n\n<p class=\"has-text-align-center\"><a href=\"https:\/\/studioarcs.fr\/index.php\/bienvenue-a-arc-1600\/\">Bienvenue \u00e0 Arc 1600<\/a><\/p>\n\n\n\n<p class=\"has-text-align-center\"><a href=\"https:\/\/studioarcs.fr\/index.php\/a-mettre-dans-vos-bagages-1600\/\">A mettre dans vos bagages<\/a><\/p>\n\n\n\n<p class=\"has-text-align-center\"><a href=\"https:\/\/studioarcs.fr\/index.php\/venir-a-arc-1600-en-voiture\/\">Venir \u00e0 Arc 1600 en voiture. Solutions de parking<\/a><\/p>\n\n\n\n<p class=\"has-text-align-center\"><a href=\"https:\/\/studioarcs.fr\/index.php\/venir-en-train-et-utiliser-le-funiculaire-1600\/\">Venir \u00e0 Arc 1600 en train<\/a><\/p>\n\n\n\n<p class=\"has-text-align-center\"><a href=\"https:\/\/studioarcs.fr\/index.php\/comment-recuperer-les-cles-1600\/\">R\u00e9cup\u00e9rer les cl\u00e9s<\/a><\/p>\n\n\n\n<p class=\"has-text-align-center\"><a href=\"https:\/\/studioarcs.fr\/index.php\/checkin-1600\/\">Arriv\u00e9e au studio \/ Ce que vous trouverez\/ Check In<\/a><\/p>\n\n\n\n<p class=\"has-text-align-center\"><a href=\"https:\/\/studioarcs.fr\/index.php\/que-faire-aux-arcs-1600\/\">Que faire aux Arcs ?<\/a><\/p>\n\n\n\n<p class=\"has-text-align-center\"><a href=\"https:\/\/studioarcs.fr\/index.php\/fin-de-sejour-1600\/\">Fin de s\u00e9jour \/ M\u00e9nage<\/a><\/p>\n\n\n\n<p class=\"has-text-align-center\"><a href=\"https:\/\/studioarcs.fr\/index.php\/a-la-prochaine-1600\/\">A la prochaine !<\/a><\/p>\n\n\n\n<hr class=\"wp-block-separator has-alpha-channel-opacity\"\/>\n\n\n\n<p class=\"has-text-align-center\"><a href=\"https:\/\/studioarcs.fr\/index.php\/english-booklet-1600\/\">English<\/a><\/p>\n\n\n<\/div>\n","protected":false},"excerpt":{"rendered":"<p>FIN DE SEJOUR \/ MENAGE Toutes les bonnes choses ont une fin Vous n\u2019avez pas vu le temps passer et la fin de votre s\u00e9jour approche\u2026 Le studio doit \u00eatre pr\u00eat \u00e0 \u00eatre c\u00e9d\u00e9 aux suivants pour 13h00. Je vous rappelle que vous pouvez partager les cl\u00e9s avec les arrivants (voir la page Check-in o\u00f9 [&hellip;]<\/p>\n","protected":false},"author":1,"featured_media":0,"parent":0,"menu_order":0,"comment_status":"closed","ping_status":"closed","template":"","meta":{"saved_in_kubio":false,"footnotes":""},"class_list":["post-514","page","type-page","status-publish","hentry"],"kubio_ai_page_context":{"short_desc":"","purpose":"general"},"_links":{"self":[{"href":"https:\/\/studioarcs.fr\/index.php\/wp-json\/wp\/v2\/pages\/514","targetHints":{"allow":["GET"]}}],"collection":[{"href":"https:\/\/studioarcs.fr\/index.php\/wp-json\/wp\/v2\/pages"}],"about":[{"href":"https:\/\/studioarcs.fr\/index.php\/wp-json\/wp\/v2\/types\/page"}],"author":[{"embeddable":true,"href":"https:\/\/studioarcs.fr\/index.php\/wp-json\/wp\/v2\/users\/1"}],"replies":[{"embeddable":true,"href":"https:\/\/studioarcs.fr\/index.php\/wp-json\/wp\/v2\/comments?post=514"}],"version-history":[{"count":20,"href":"https:\/\/studioarcs.fr\/index.php\/wp-json\/wp\/v2\/pages\/514\/revisions"}],"predecessor-version":[{"id":1100,"href":"https:\/\/studioarcs.fr\/index.php\/wp-json\/wp\/v2\/pages\/514\/revisions\/1100"}],"wp:attachment":[{"href":"https:\/\/studioarcs.fr\/index.php\/wp-json\/wp\/v2\/media?parent=514"}],"curies":[{"name":"wp","href":"https:\/\/api.w.org\/{rel}","templated":true}]}}